{"id":2602,"date":"2019-05-03T19:53:45","date_gmt":"2019-05-03T19:53:45","guid":{"rendered":"https:\/\/ville-illies.fr\/?page_id=2602"},"modified":"2024-12-18T14:40:54","modified_gmt":"2024-12-18T14:40:54","slug":"societe-historique-d-illies","status":"publish","type":"page","link":"https:\/\/ville-illies.fr\/?page_id=2602","title":{"rendered":"Soci\u00e9t\u00e9 historique d&rsquo;illies"},"content":{"rendered":"<p>[et_pb_section fb_built=\u00a0\u00bb1&Prime; admin_label=\u00a0\u00bbFeature\u00a0\u00bb _builder_version=\u00a0\u00bb4.16&Prime; background_image=\u00a0\u00bbhttps:\/\/ville-illies.fr\/wp-content\/uploads\/2018\/12\/routeNationaleIlliesApr\u00e8sGuerre.jpg\u00a0\u00bb custom_margin=\u00a0\u00bb40px||40px||true\u00a0\u00bb custom_padding=\u00a0\u00bb0px||0px||true\u00a0\u00bb global_colors_info=\u00a0\u00bb{}\u00a0\u00bb][et_pb_row custom_padding_last_edited=\u00a0\u00bbon|phone\u00a0\u00bb _builder_version=\u00a0\u00bb4.16&Prime; background_color=\u00a0\u00bbrgba(133,209,247,0.84)\u00a0\u00bb max_width=\u00a0\u00bb900px\u00a0\u00bb custom_margin=\u00a0\u00bb|15%||\u00a0\u00bb custom_margin_tablet=\u00a0\u00bb|10%||\u00a0\u00bb custom_margin_phone=\u00a0\u00bb|||\u00a0\u00bb custom_margin_last_edited=\u00a0\u00bbon|tablet\u00a0\u00bb custom_padding=\u00a0\u00bb100px|100px||100px|false|true\u00a0\u00bb custom_padding_tablet=\u00a0\u00bb|10%||10%||true\u00a0\u00bb custom_padding_phone=\u00a0\u00bb\u00a0\u00bb animation_style=\u00a0\u00bbslide\u00a0\u00bb animation_direction=\u00a0\u00bbleft\u00a0\u00bb animation_intensity_slide=\u00a0\u00bb20%\u00a0\u00bb use_custom_width=\u00a0\u00bbon\u00a0\u00bb custom_width_px=\u00a0\u00bb900px\u00a0\u00bb global_colors_info=\u00a0\u00bb{}\u00a0\u00bb][et_pb_column type=\u00a0\u00bb4_4&Prime; _builder_version=\u00a0\u00bb4.16&Prime; custom_padding=\u00a0\u00bb|||\u00a0\u00bb global_colors_info=\u00a0\u00bb{}\u00a0\u00bb custom_padding__hover=\u00a0\u00bb|||\u00a0\u00bb][et_pb_text _builder_version=\u00a0\u00bb4.16&Prime; header_font=\u00a0\u00bbTrebuchet||||||||\u00a0\u00bb header_2_font=\u00a0\u00bbTrebuchet|700|||||||\u00a0\u00bb header_2_font_size=\u00a0\u00bb42px\u00a0\u00bb header_2_line_height=\u00a0\u00bb1.5em\u00a0\u00bb max_width=\u00a0\u00bb500px\u00a0\u00bb custom_margin=\u00a0\u00bb|||-38px\u00a0\u00bb custom_padding=\u00a0\u00bb|||30px\u00a0\u00bb header_2_font_size_tablet=\u00a0\u00bb32px\u00a0\u00bb header_2_font_size_phone=\u00a0\u00bb22px\u00a0\u00bb header_2_font_size_last_edited=\u00a0\u00bbon|phone\u00a0\u00bb border_color_all=\u00a0\u00bb#ef3b24&Prime; border_width_left=\u00a0\u00bb8px\u00a0\u00bb locked=\u00a0\u00bboff\u00a0\u00bb global_colors_info=\u00a0\u00bb{}\u00a0\u00bb]<\/p>\n<h2>Soci\u00e9t\u00e9 historique d&rsquo;Illies<\/h2>\n<p>[\/et_pb_text][et_pb_text _builder_version=\u00a0\u00bb4.16&Prime; text_font=\u00a0\u00bb||||||||\u00a0\u00bb text_font_size=\u00a0\u00bb18px\u00a0\u00bb text_line_height=\u00a0\u00bb2em\u00a0\u00bb text_font_size_tablet=\u00a0\u00bb\u00a0\u00bb text_font_size_phone=\u00a0\u00bb14px\u00a0\u00bb text_font_size_last_edited=\u00a0\u00bbon|phone\u00a0\u00bb global_colors_info=\u00a0\u00bb{}\u00a0\u00bb]<\/p>\n<p><strong>EQUI SOMMES NOUS ?<\/strong><\/p>\n<p style=\"text-align: justify;\">Un petit groupe de curieux int\u00e9ress\u00e9s par l\u2019histoire, le patrimoine, les anecdotes, etc\u2026 de notre village.<\/p>\n<p style=\"text-align: justify;\"><strong>QUELS SONT NOS OBJECTIFS\u00a0?<\/strong><\/p>\n<ul style=\"text-align: justify;\">\n<li>Collecter des objets et des documents de l\u2019histoire du village\u00a0: cartes postales, photos de la vie quotidienne, plans, lettres, vieilles factures, etc\u2026<\/li>\n<li>T\u00e9moigner<\/li>\n<li>Transmettre aux plus jeunes<\/li>\n<li>Cr\u00e9er du lien entre habitants du village et avec les autres villages.<\/li>\n<\/ul>\n<p style=\"text-align: justify;\"><strong>QUELLES SONT NOS ACTIONS\u00a0?<\/strong><\/p>\n<ul style=\"text-align: justify;\">\n<li>Vous recevez r\u00e9guli\u00e8rement dans votre boite \u00e0 lettres notre petit journal gratuit \u00ab\u00a0au fil d\u2019Illies\u00a0\u00bb<\/li>\n<li>Nous organisons une sortie annuelle aux th\u00e8mes divers (le protestantisme, visite du S\u00e9nat, visite de mus\u00e9es, visite d\u2019un terril, etc\u2026)<\/li>\n<li>Nous participons aux journ\u00e9es du patrimoine<\/li>\n<li>Participer au Forum des Weppes\u00a0: c\u2019est \u00e0 dire aller \u00e0 la rencontre de toutes les soci\u00e9t\u00e9s historiques du pays de Weppes regroupant 36 communes allant d\u2019Armenti\u00e8res \u00e0 La Bass\u00e9e<\/li>\n<li>Nous avons aussi le r\u00eave de cr\u00e9er un mus\u00e9e de la vie quotidienne du pays de Weppes \u00e0 partir d\u2019objets collect\u00e9s.<\/li>\n<\/ul>\n<p style=\"text-align: justify;\">\u00a0<strong>REJOIGNEZ-NOUS<\/strong><\/p>\n<p style=\"text-align: justify;\">Vous aimez l\u2019histoire, la culture, votre village\u00a0; vous \u00eates nouvel arrivant ou ancien du village\u00a0; vous \u00eates \u00e9tudiant, curieux, venez \u00e0 l\u2019une de nos r\u00e9unions vous y serez accueillis \u00e0 bras ouverts.<\/p>\n<p style=\"text-align: justify;\">Pr\u00e9sident : BAVIERE ANTOINE<\/p>\n<p style=\"text-align: justify;\">Tr\u00e9sorier : DESMONT MARCEL<\/p>\n<p style=\"text-align: justify;\">Secr\u00e9taire : DUWAT ISABELLE<\/p>\n<p style=\"text-align: justify;\">Contactez Antoine Bavi\u00e8re, notre pr\u00e9sident <a href=\"mailto:abaviere@free.fr\">abaviere@free.fr<\/a> ou laissez vos coordonn\u00e9es \u00e0 la mairie.<\/p>\n<p>[\/et_pb_text][\/et_pb_column][\/et_pb_row][\/et_pb_section][et_pb_section fb_built=\u00a0\u00bb1&Prime; admin_label=\u00a0\u00bbServices\u00a0\u00bb _builder_version=\u00a0\u00bb4.16&Prime; background_image=\u00a0\u00bbhttps:\/\/ville-illies.fr\/wp-content\/uploads\/2018\/12\/notary-01-1.png\u00a0\u00bb background_size=\u00a0\u00bbinitial\u00a0\u00bb custom_padding=\u00a0\u00bb54px|0px|0|0px|false|false\u00a0\u00bb global_colors_info=\u00a0\u00bb{}\u00a0\u00bb][et_pb_row use_custom_gutter=\u00a0\u00bbon\u00a0\u00bb gutter_width=\u00a0\u00bb2&Prime; _builder_version=\u00a0\u00bb4.16&Prime; global_colors_info=\u00a0\u00bb{}\u00a0\u00bb column_structure=\u00a0\u00bb1_3,1_3,1_3&Prime;][et_pb_column type=\u00a0\u00bb1_3&Prime; _builder_version=\u00a0\u00bb4.16&Prime; custom_padding=\u00a0\u00bb|||\u00a0\u00bb global_colors_info=\u00a0\u00bb{}\u00a0\u00bb custom_padding__hover=\u00a0\u00bb|||\u00a0\u00bb][et_pb_image src=\u00a0\u00bbhttps:\/\/ville-illies.fr\/wp-content\/uploads\/2019\/05\/9A2ADEE2-DA21-43F0-9BE2-0C9C255EC2B0-8721-0000066C9B62249F.jpeg\u00a0\u00bb align_tablet=\u00a0\u00bbcenter\u00a0\u00bb align_phone=\u00a0\u00bb\u00a0\u00bb align_last_edited=\u00a0\u00bbon|desktop\u00a0\u00bb _builder_version=\u00a0\u00bb4.16&Prime; global_colors_info=\u00a0\u00bb{}\u00a0\u00bb][\/et_pb_image][\/et_pb_column][et_pb_column type=\u00a0\u00bb1_3&Prime; _builder_version=\u00a0\u00bb4.16&Prime; custom_padding=\u00a0\u00bb|||\u00a0\u00bb global_colors_info=\u00a0\u00bb{}\u00a0\u00bb custom_padding__hover=\u00a0\u00bb|||\u00a0\u00bb][et_pb_image src=\u00a0\u00bbhttps:\/\/ville-illies.fr\/wp-content\/uploads\/2019\/05\/IMG_0576.jpg\u00a0\u00bb align=\u00a0\u00bbcenter\u00a0\u00bb align_tablet=\u00a0\u00bbcenter\u00a0\u00bb align_phone=\u00a0\u00bb\u00a0\u00bb align_last_edited=\u00a0\u00bbon|desktop\u00a0\u00bb _builder_version=\u00a0\u00bb4.16&Prime; global_colors_info=\u00a0\u00bb{}\u00a0\u00bb][\/et_pb_image][\/et_pb_column][et_pb_column type=\u00a0\u00bb1_3&Prime; _builder_version=\u00a0\u00bb4.16&Prime; custom_padding=\u00a0\u00bb|||\u00a0\u00bb global_colors_info=\u00a0\u00bb{}\u00a0\u00bb custom_padding__hover=\u00a0\u00bb|||\u00a0\u00bb][et_pb_image src=\u00a0\u00bbhttps:\/\/ville-illies.fr\/wp-content\/uploads\/2019\/05\/270ED6ED-C87F-4F2E-AEC0-30CC9168172C-8721-0000066B89CF1A4C.jpeg\u00a0\u00bb align_tablet=\u00a0\u00bbcenter\u00a0\u00bb align_phone=\u00a0\u00bb\u00a0\u00bb align_last_edited=\u00a0\u00bbon|desktop\u00a0\u00bb _builder_version=\u00a0\u00bb4.16&Prime; global_colors_info=\u00a0\u00bb{}\u00a0\u00bb][\/et_pb_image][\/et_pb_column][\/et_pb_row][et_pb_row module_class=\u00a0\u00bb et_pb_row_fullwidth\u00a0\u00bb _builder_version=\u00a0\u00bb4.16&Prime; width=\u00a0\u00bb89%\u00a0\u00bb width_tablet=\u00a0\u00bb80%\u00a0\u00bb width_phone=\u00a0\u00bb\u00a0\u00bb width_last_edited=\u00a0\u00bbon|desktop\u00a0\u00bb max_width=\u00a0\u00bb89%\u00a0\u00bb max_width_tablet=\u00a0\u00bb80%\u00a0\u00bb max_width_phone=\u00a0\u00bb\u00a0\u00bb max_width_last_edited=\u00a0\u00bbon|desktop\u00a0\u00bb make_fullwidth=\u00a0\u00bbon\u00a0\u00bb global_colors_info=\u00a0\u00bb{}\u00a0\u00bb column_structure=\u00a0\u00bb1_2,1_2&Prime;][et_pb_column type=\u00a0\u00bb1_2&Prime; _builder_version=\u00a0\u00bb4.16&Prime; custom_padding=\u00a0\u00bb|||\u00a0\u00bb global_colors_info=\u00a0\u00bb{}\u00a0\u00bb custom_padding__hover=\u00a0\u00bb|||\u00a0\u00bb][et_pb_image src=\u00a0\u00bbhttps:\/\/ville-illies.fr\/wp-content\/uploads\/2019\/05\/APPX1.jpg\u00a0\u00bb align_tablet=\u00a0\u00bbcenter\u00a0\u00bb align_phone=\u00a0\u00bb\u00a0\u00bb align_last_edited=\u00a0\u00bbon|desktop\u00a0\u00bb _builder_version=\u00a0\u00bb4.16&Prime; animation_style=\u00a0\u00bbslide\u00a0\u00bb global_colors_info=\u00a0\u00bb{}\u00a0\u00bb][\/et_pb_image][\/et_pb_column][et_pb_column type=\u00a0\u00bb1_2&Prime; _builder_version=\u00a0\u00bb4.16&Prime; custom_padding=\u00a0\u00bb|||\u00a0\u00bb global_colors_info=\u00a0\u00bb{}\u00a0\u00bb custom_padding__hover=\u00a0\u00bb|||\u00a0\u00bb][et_pb_image src=\u00a0\u00bbhttps:\/\/ville-illies.fr\/wp-content\/uploads\/2019\/05\/03-Lusine-au-d\u00e9but-de-loccupation.jpg\u00a0\u00bb align_tablet=\u00a0\u00bbcenter\u00a0\u00bb align_phone=\u00a0\u00bb\u00a0\u00bb align_last_edited=\u00a0\u00bbon|desktop\u00a0\u00bb _builder_version=\u00a0\u00bb4.16&Prime; animation_style=\u00a0\u00bbslide\u00a0\u00bb global_colors_info=\u00a0\u00bb{}\u00a0\u00bb][\/et_pb_image][\/et_pb_column][\/et_pb_row][et_pb_row _builder_version=\u00a0\u00bb4.16&Prime; custom_padding=\u00a0\u00bb27px|0px|27px|0px|false|false\u00a0\u00bb animation_style=\u00a0\u00bbflip\u00a0\u00bb global_colors_info=\u00a0\u00bb{}\u00a0\u00bb][et_pb_column type=\u00a0\u00bb4_4&Prime; _builder_version=\u00a0\u00bb4.16&Prime; custom_padding=\u00a0\u00bb|||\u00a0\u00bb global_colors_info=\u00a0\u00bb{}\u00a0\u00bb custom_padding__hover=\u00a0\u00bb|||\u00a0\u00bb][et_pb_image src=\u00a0\u00bbhttps:\/\/ville-illies.fr\/wp-content\/uploads\/2019\/05\/Chateau-PLEUVION.jpg\u00a0\u00bb align_tablet=\u00a0\u00bbcenter\u00a0\u00bb align_phone=\u00a0\u00bb\u00a0\u00bb align_last_edited=\u00a0\u00bbon|desktop\u00a0\u00bb _builder_version=\u00a0\u00bb4.16&Prime; global_colors_info=\u00a0\u00bb{}\u00a0\u00bb][\/et_pb_image][\/et_pb_column][\/et_pb_row][et_pb_row module_class=\u00a0\u00bb et_pb_row_fullwidth\u00a0\u00bb _builder_version=\u00a0\u00bb4.16&Prime; width=\u00a0\u00bb89%\u00a0\u00bb width_tablet=\u00a0\u00bb80%\u00a0\u00bb width_phone=\u00a0\u00bb\u00a0\u00bb width_last_edited=\u00a0\u00bbon|desktop\u00a0\u00bb max_width=\u00a0\u00bb89%\u00a0\u00bb max_width_tablet=\u00a0\u00bb80%\u00a0\u00bb max_width_phone=\u00a0\u00bb\u00a0\u00bb max_width_last_edited=\u00a0\u00bbon|desktop\u00a0\u00bb make_fullwidth=\u00a0\u00bbon\u00a0\u00bb global_colors_info=\u00a0\u00bb{}\u00a0\u00bb column_structure=\u00a0\u00bb1_2,1_2&Prime;][et_pb_column type=\u00a0\u00bb1_2&Prime; _builder_version=\u00a0\u00bb4.16&Prime; custom_padding=\u00a0\u00bb|||\u00a0\u00bb global_colors_info=\u00a0\u00bb{}\u00a0\u00bb custom_padding__hover=\u00a0\u00bb|||\u00a0\u00bb][et_pb_image src=\u00a0\u00bbhttps:\/\/ville-illies.fr\/wp-content\/uploads\/2019\/05\/Eglise-en-1914.jpg\u00a0\u00bb align_tablet=\u00a0\u00bbcenter\u00a0\u00bb align_phone=\u00a0\u00bb\u00a0\u00bb align_last_edited=\u00a0\u00bbon|desktop\u00a0\u00bb _builder_version=\u00a0\u00bb4.16&Prime; global_colors_info=\u00a0\u00bb{}\u00a0\u00bb][\/et_pb_image][\/et_pb_column][et_pb_column type=\u00a0\u00bb1_2&Prime; _builder_version=\u00a0\u00bb4.16&Prime; custom_padding=\u00a0\u00bb|||\u00a0\u00bb global_colors_info=\u00a0\u00bb{}\u00a0\u00bb custom_padding__hover=\u00a0\u00bb|||\u00a0\u00bb][et_pb_image src=\u00a0\u00bbhttps:\/\/ville-illies.fr\/wp-content\/uploads\/2019\/05\/Image-115.jpg\u00a0\u00bb align_tablet=\u00a0\u00bbcenter\u00a0\u00bb align_phone=\u00a0\u00bb\u00a0\u00bb align_last_edited=\u00a0\u00bbon|desktop\u00a0\u00bb _builder_version=\u00a0\u00bb4.16&Prime; global_colors_info=\u00a0\u00bb{}\u00a0\u00bb][\/et_pb_image][\/et_pb_column][\/et_pb_row][\/et_pb_section]<\/p>\n","protected":false},"excerpt":{"rendered":"<p>Soci\u00e9t\u00e9 historique d&rsquo;IlliesEQUI SOMMES NOUS ? Un petit groupe de curieux int\u00e9ress\u00e9s par l\u2019histoire, le patrimoine, les anecdotes, etc\u2026 de notre village. QUELS SONT NOS OBJECTIFS\u00a0? Collecter des objets et des documents de l\u2019histoire du village\u00a0: cartes postales, photos de la vie quotidienne, plans, lettres, vieilles factures, etc\u2026 T\u00e9moigner Transmettre aux plus jeunes Cr\u00e9er du [&hellip;]<\/p>\n","protected":false},"author":1,"featured_media":0,"parent":0,"menu_order":0,"comment_status":"closed","ping_status":"closed","template":"","meta":{"_et_pb_use_builder":"on","_et_pb_old_content":"","_et_gb_content_width":"","footnotes":""},"class_list":["post-2602","page","type-page","status-publish","hentry"],"yoast_head":"<!-- This site is optimized with the Yoast SEO plugin v27.4 - https:\/\/yoast.com\/product\/yoast-seo-wordpress\/ -->\n<title>Soci\u00e9t\u00e9 historique d&#039;illies - Site officiel de la ville d&#039;Illies<\/title>\n<meta name=\"description\" content=\"Association d&#039;amateurs d\u2019histoire, de patrimoine, d&#039;anecdotes, etc.. sur la ville d&#039;Illies. Collecter des objets et des documents de l\u2019histoire du village.\" \/>\n<meta name=\"robots\" content=\"index, follow, max-snippet:-1, max-image-preview:large, max-video-preview:-1\" \/>\n<link rel=\"canonical\" href=\"https:\/\/ville-illies.fr\/?page_id=2602\" \/>\n<meta property=\"og:locale\" content=\"fr_FR\" \/>\n<meta property=\"og:type\" content=\"article\" \/>\n<meta property=\"og:title\" content=\"Soci\u00e9t\u00e9 historique d&#039;illies - Site officiel de la ville d&#039;Illies\" \/>\n<meta property=\"og:description\" content=\"Association d&#039;amateurs d\u2019histoire, de patrimoine, d&#039;anecdotes, etc.. sur la ville d&#039;Illies. Collecter des objets et des documents de l\u2019histoire du village.\" \/>\n<meta property=\"og:url\" content=\"https:\/\/ville-illies.fr\/?page_id=2602\" \/>\n<meta property=\"og:site_name\" content=\"Site officiel de la ville d&#039;Illies\" \/>\n<meta property=\"article:modified_time\" content=\"2024-12-18T14:40:54+00:00\" \/>\n<meta name=\"twitter:card\" content=\"summary_large_image\" \/>\n<meta name=\"twitter:label1\" content=\"Dur\u00e9e de lecture estim\u00e9e\" \/>\n\t<meta name=\"twitter:data1\" content=\"5 minutes\" \/>\n<script type=\"application\/ld+json\" class=\"yoast-schema-graph\">{\"@context\":\"https:\\\/\\\/schema.org\",\"@graph\":[{\"@type\":\"WebPage\",\"@id\":\"https:\\\/\\\/ville-illies.fr\\\/?page_id=2602\",\"url\":\"https:\\\/\\\/ville-illies.fr\\\/?page_id=2602\",\"name\":\"Soci\u00e9t\u00e9 historique d'illies - Site officiel de la ville d&#039;Illies\",\"isPartOf\":{\"@id\":\"https:\\\/\\\/ville-illies.fr\\\/#website\"},\"datePublished\":\"2019-05-03T19:53:45+00:00\",\"dateModified\":\"2024-12-18T14:40:54+00:00\",\"description\":\"Association d'amateurs d\u2019histoire, de patrimoine, d'anecdotes, etc.. sur la ville d'Illies. Collecter des objets et des documents de l\u2019histoire du village.\",\"breadcrumb\":{\"@id\":\"https:\\\/\\\/ville-illies.fr\\\/?page_id=2602#breadcrumb\"},\"inLanguage\":\"fr-FR\",\"potentialAction\":[{\"@type\":\"ReadAction\",\"target\":[\"https:\\\/\\\/ville-illies.fr\\\/?page_id=2602\"]}]},{\"@type\":\"BreadcrumbList\",\"@id\":\"https:\\\/\\\/ville-illies.fr\\\/?page_id=2602#breadcrumb\",\"itemListElement\":[{\"@type\":\"ListItem\",\"position\":1,\"name\":\"Accueil\",\"item\":\"https:\\\/\\\/ville-illies.fr\\\/\"},{\"@type\":\"ListItem\",\"position\":2,\"name\":\"Soci\u00e9t\u00e9 historique d&rsquo;illies\"}]},{\"@type\":\"WebSite\",\"@id\":\"https:\\\/\\\/ville-illies.fr\\\/#website\",\"url\":\"https:\\\/\\\/ville-illies.fr\\\/\",\"name\":\"Site officiel de la ville d&#039;Illies\",\"description\":\"Illies, votre village\",\"publisher\":{\"@id\":\"https:\\\/\\\/ville-illies.fr\\\/#organization\"},\"potentialAction\":[{\"@type\":\"SearchAction\",\"target\":{\"@type\":\"EntryPoint\",\"urlTemplate\":\"https:\\\/\\\/ville-illies.fr\\\/?s={search_term_string}\"},\"query-input\":{\"@type\":\"PropertyValueSpecification\",\"valueRequired\":true,\"valueName\":\"search_term_string\"}}],\"inLanguage\":\"fr-FR\"},{\"@type\":\"Organization\",\"@id\":\"https:\\\/\\\/ville-illies.fr\\\/#organization\",\"name\":\"Mairie d'Illies\",\"url\":\"https:\\\/\\\/ville-illies.fr\\\/\",\"logo\":{\"@type\":\"ImageObject\",\"inLanguage\":\"fr-FR\",\"@id\":\"https:\\\/\\\/ville-illies.fr\\\/#\\\/schema\\\/logo\\\/image\\\/\",\"url\":\"https:\\\/\\\/ville-illies.fr\\\/wp-content\\\/uploads\\\/2018\\\/12\\\/LogoIllies500x600.png\",\"contentUrl\":\"https:\\\/\\\/ville-illies.fr\\\/wp-content\\\/uploads\\\/2018\\\/12\\\/LogoIllies500x600.png\",\"width\":500,\"height\":600,\"caption\":\"Mairie d'Illies\"},\"image\":{\"@id\":\"https:\\\/\\\/ville-illies.fr\\\/#\\\/schema\\\/logo\\\/image\\\/\"}}]}<\/script>\n<!-- \/ Yoast SEO plugin. -->","yoast_head_json":{"title":"Soci\u00e9t\u00e9 historique d'illies - Site officiel de la ville d&#039;Illies","description":"Association d'amateurs d\u2019histoire, de patrimoine, d'anecdotes, etc.. sur la ville d'Illies. Collecter des objets et des documents de l\u2019histoire du village.","robots":{"index":"index","follow":"follow","max-snippet":"max-snippet:-1","max-image-preview":"max-image-preview:large","max-video-preview":"max-video-preview:-1"},"canonical":"https:\/\/ville-illies.fr\/?page_id=2602","og_locale":"fr_FR","og_type":"article","og_title":"Soci\u00e9t\u00e9 historique d'illies - Site officiel de la ville d&#039;Illies","og_description":"Association d'amateurs d\u2019histoire, de patrimoine, d'anecdotes, etc.. sur la ville d'Illies. Collecter des objets et des documents de l\u2019histoire du village.","og_url":"https:\/\/ville-illies.fr\/?page_id=2602","og_site_name":"Site officiel de la ville d&#039;Illies","article_modified_time":"2024-12-18T14:40:54+00:00","twitter_card":"summary_large_image","twitter_misc":{"Dur\u00e9e de lecture estim\u00e9e":"5 minutes"},"schema":{"@context":"https:\/\/schema.org","@graph":[{"@type":"WebPage","@id":"https:\/\/ville-illies.fr\/?page_id=2602","url":"https:\/\/ville-illies.fr\/?page_id=2602","name":"Soci\u00e9t\u00e9 historique d'illies - Site officiel de la ville d&#039;Illies","isPartOf":{"@id":"https:\/\/ville-illies.fr\/#website"},"datePublished":"2019-05-03T19:53:45+00:00","dateModified":"2024-12-18T14:40:54+00:00","description":"Association d'amateurs d\u2019histoire, de patrimoine, d'anecdotes, etc.. sur la ville d'Illies. Collecter des objets et des documents de l\u2019histoire du village.","breadcrumb":{"@id":"https:\/\/ville-illies.fr\/?page_id=2602#breadcrumb"},"inLanguage":"fr-FR","potentialAction":[{"@type":"ReadAction","target":["https:\/\/ville-illies.fr\/?page_id=2602"]}]},{"@type":"BreadcrumbList","@id":"https:\/\/ville-illies.fr\/?page_id=2602#breadcrumb","itemListElement":[{"@type":"ListItem","position":1,"name":"Accueil","item":"https:\/\/ville-illies.fr\/"},{"@type":"ListItem","position":2,"name":"Soci\u00e9t\u00e9 historique d&rsquo;illies"}]},{"@type":"WebSite","@id":"https:\/\/ville-illies.fr\/#website","url":"https:\/\/ville-illies.fr\/","name":"Site officiel de la ville d&#039;Illies","description":"Illies, votre village","publisher":{"@id":"https:\/\/ville-illies.fr\/#organization"},"potentialAction":[{"@type":"SearchAction","target":{"@type":"EntryPoint","urlTemplate":"https:\/\/ville-illies.fr\/?s={search_term_string}"},"query-input":{"@type":"PropertyValueSpecification","valueRequired":true,"valueName":"search_term_string"}}],"inLanguage":"fr-FR"},{"@type":"Organization","@id":"https:\/\/ville-illies.fr\/#organization","name":"Mairie d'Illies","url":"https:\/\/ville-illies.fr\/","logo":{"@type":"ImageObject","inLanguage":"fr-FR","@id":"https:\/\/ville-illies.fr\/#\/schema\/logo\/image\/","url":"https:\/\/ville-illies.fr\/wp-content\/uploads\/2018\/12\/LogoIllies500x600.png","contentUrl":"https:\/\/ville-illies.fr\/wp-content\/uploads\/2018\/12\/LogoIllies500x600.png","width":500,"height":600,"caption":"Mairie d'Illies"},"image":{"@id":"https:\/\/ville-illies.fr\/#\/schema\/logo\/image\/"}}]}},"_links":{"self":[{"href":"https:\/\/ville-illies.fr\/index.php?rest_route=\/wp\/v2\/pages\/2602","targetHints":{"allow":["GET"]}}],"collection":[{"href":"https:\/\/ville-illies.fr\/index.php?rest_route=\/wp\/v2\/pages"}],"about":[{"href":"https:\/\/ville-illies.fr\/index.php?rest_route=\/wp\/v2\/types\/page"}],"author":[{"embeddable":true,"href":"https:\/\/ville-illies.fr\/index.php?rest_route=\/wp\/v2\/users\/1"}],"replies":[{"embeddable":true,"href":"https:\/\/ville-illies.fr\/index.php?rest_route=%2Fwp%2Fv2%2Fcomments&post=2602"}],"version-history":[{"count":0,"href":"https:\/\/ville-illies.fr\/index.php?rest_route=\/wp\/v2\/pages\/2602\/revisions"}],"wp:attachment":[{"href":"https:\/\/ville-illies.fr\/index.php?rest_route=%2Fwp%2Fv2%2Fmedia&parent=2602"}],"curies":[{"name":"wp","href":"https:\/\/api.w.org\/{rel}","templated":true}]}}